{"id":769,"date":"2025-09-07T17:02:55","date_gmt":"2025-09-07T21:02:55","guid":{"rendered":"https:\/\/truenorthhq.ca\/?post_type=tribe_events&#038;p=769"},"modified":"2025-09-08T17:34:03","modified_gmt":"2025-09-08T21:34:03","slug":"meidascanada-resistance-tour-w-charlie-angus-port-elgin","status":"publish","type":"tribe_events","link":"https:\/\/truenorthhq.ca\/fr\/event\/meidascanada-resistance-tour-w-charlie-angus-port-elgin\/","title":{"rendered":"MeidasCanada Resistance Tour w\/ Charlie Angus (Port Elgin)"},"content":{"rendered":"<div  class=\"tribe-events-schedule tribe-clearfix\" >\n\t<p class=\"tribe-events-schedule__datetime\">\n\t\t<span class=\"tribe-events-schedule__date tribe-events-schedule__date--start\">\n\t\t\tseptembre 12, 2025\t\t<\/span>\n\n\t\t\t\t\t<span class=\"tribe-events-schedule__separator tribe-events-schedule__separator--date\">\n\t\t\t\t@\t\t\t<\/span>\n\t\t\t<span class=\"tribe-events-schedule__time tribe-events-schedule__time--start\">\n\t\t\t\t7:00 pm\t\t\t<\/span>\n\t\t\n\t\t\t\t\t\t\t\t\t<span class=\"tribe-events-schedule__separator tribe-events-schedule__separator--time\">\n\t\t\t\t\t&#8211;\t\t\t\t<\/span>\n\t\t\t\n\t\t\t\t\t\t\t<span class=\"tribe-events-schedule__time tribe-events-schedule__time--end\">\n\t\t\t\t\t9:00 pm\t\t\t\t<\/span>\n\t\t\t\n\t\t\t\t\t\t<\/p>\n<\/div>\n\n\n\n<figure class=\"wp-block-image size-large is-resized\"><img loading=\"lazy\" decoding=\"async\" width=\"768\" height=\"1024\" src=\"https:\/\/truenorthhq.ca\/wp-content\/uploads\/2025\/09\/resistance-port-elgin-owen-sound-768x1024.webp\" alt=\"\" class=\"wp-image-782\" style=\"width:422px;height:auto\" srcset=\"https:\/\/truenorthhq.ca\/wp-content\/uploads\/2025\/09\/resistance-port-elgin-owen-sound-768x1024.webp 768w, https:\/\/truenorthhq.ca\/wp-content\/uploads\/2025\/09\/resistance-port-elgin-owen-sound-225x300.webp 225w, https:\/\/truenorthhq.ca\/wp-content\/uploads\/2025\/09\/resistance-port-elgin-owen-sound-1152x1536.webp 1152w, https:\/\/truenorthhq.ca\/wp-content\/uploads\/2025\/09\/resistance-port-elgin-owen-sound-9x12.webp 9w, https:\/\/truenorthhq.ca\/wp-content\/uploads\/2025\/09\/resistance-port-elgin-owen-sound.webp 1456w\" sizes=\"auto, (max-width: 768px) 100vw, 768px\" \/><\/figure>\n\n\n\n<div style=\"height:15px\" aria-hidden=\"true\" class=\"wp-block-spacer\"><\/div>\n\n\n\n<p>MeidasCanada Resistance Tour w\/ Charlie Angus (Regina)<\/p>\n\n\n\n<h2 class=\"wp-block-heading\"><\/h2>\n\n\n\n<p id=\"block-e9111d77-c65e-4018-98b0-cff059f1e610\">An unforgettable night of solidarity with one of Canada\u2019s most fearless political voices \u2014 punk rocker turned MP, author, and long-time advocate for justice, Charlie Angus<\/p>\n\n\n\n<p>Join Charlie for a non-partisan talk about organizing, resisting, and standing up for democracy, justice, and Canadian values.<\/p>\n\n\n\n<p>Tickets available at: <a href=\"https:\/\/www.eventbrite.ca\/e\/resistance-tour-comes-to-port-elgin-celebrate-canada-with-charlie-angus-tickets-1533308590269\">https:\/\/www.eventbrite.ca\/e\/resistance-tour-comes-to-port-elgin-celebrate-canada-with-charlie-angus-tickets-1533308590269<\/a><\/p>\n\n\n<div  class=\"tribe-block tribe-block__event-price\" >\n\t\t<\/div>\n\n\n<div  class=\"tribe-block tribe-block__organizer__details tribe-clearfix\" >\n\t<div class=\"tribe-block__organizer__title\">\n\t\t<h3>MeidasCanada Resistance Tour (Charlie Angus)<\/h3>\n\t<\/div>\n\t\t\t\t<p class=\"tribe-block__organizer__website\"><a href=\"https:\/\/www.charlieangus.ca\/\" target=\"_blank\" rel=\"noopener noreferrer\">Voir le site Organisateur<\/a><\/p>\n\t\t<\/div>\n\n\n<div  class=\"tribe-block tribe-block__venue tribe-clearfix tribe-block__venue--has-map\" >\n\t\n\t\n<div class=\"tribe-block__venue__meta\">\n\t<div class=\"tribe-block__venue__name\">\n\t\t<h3>Lakeshore Recreation (Port Elgin)<\/h3>\n\t<\/div>\n\n\t\n\t\t\t\t\t\t<address class=\"tribe-block__venue__address\">\n\t\t\t\t<span class=\"tribe-address\">\n\n<span class=\"tribe-street-address\">1177 Goderich Street<\/span>\n\t\n\t\t<br>\n\t\t<span class=\"tribe-locality\">Port Elgin<\/span><span class=\"tribe-delimiter\">,<\/span>\n\n\t<abbr class=\"tribe-region tribe-events-abbr\" title=\"ON\">ON<\/abbr>\n\n\t<span class=\"tribe-postal-code\">N0H 2C3<\/span>\n\n\t<span class=\"tribe-country-name\">Canada<\/span>\n\n<\/span>\n\n\t\t\t\t\t\t\t\t\t<a class=\"tribe-events-gmap\" href=\"https:\/\/maps.google.com\/maps?f=q&#038;source=s_q&#038;hl=en&#038;geocode=&#038;q=1177+Goderich+Street+Port+Elgin+ON+N0H+2C3+Canada\" title=\"Cliquez pour voir une carte Google Map\" target=\"_blank\" rel=\"noreferrer noopener\">+ Google Map<\/a>\t\t\t\t\t\t\t<\/address>\n\t\t\n\t\t\n\t\t\t\n\t<\/div>\n\t\n<div class=\"tribe-block__venue__map\">\n\t\n<iframe loading=\"lazy\"\n  title=\"L\u2018iframe Google maps affichant l\u2019adresse \u00e0 Lakeshore Recreation (Port Elgin)\"\n  aria-label=\"Plan des lieux\"\n  width=\"310px\"\n  height=\"256px\"\n  frameborder=\"0\" style=\"border:0\"\n  src=\"https:\/\/www.google.com\/maps\/embed\/v1\/place?key=AIzaSyDNsicAsP6-VuGtAb1O9riI3oc_NOb7IOU&#038;q=1177+Goderich+Street+Port+Elgin+ON+ON+N0H+2C3+Canada+&#038;zoom=15\" allowfullscreen>\n<\/iframe>\n<\/div>\n\n\t<\/div>\n\n\n\n\n\t<div  class=\"tribe-block tribe-block__events-link\" >\n\t\t<div class=\"tribe-events tribe-common\">\n\t\t\t<div class=\"tribe-events-c-subscribe-dropdown__container\">\n\t\t\t\t<div class=\"tribe-events-c-subscribe-dropdown\">\n\t\t\t\t\t<div class=\"tribe-common-c-btn-border tribe-events-c-subscribe-dropdown__button\">\n\t\t\t\t\t\t<svg\n\t class=\"tribe-common-c-svgicon tribe-common-c-svgicon--cal-export tribe-events-c-subscribe-dropdown__export-icon\" \taria-hidden=\"true\"\n\tviewbox=\"0 0 23 17\"\n\txmlns=\"http:\/\/www.w3.org\/2000\/svg\"\n>\n\t<path fill-rule=\"evenodd\" clip-rule=\"evenodd\" d=\"M.128.896V16.13c0 .211.145.383.323.383h15.354c.179 0 .323-.172.323-.383V.896c0-.212-.144-.383-.323-.383H.451C.273.513.128.684.128.896Zm16 6.742h-.901V4.679H1.009v10.729h14.218v-3.336h.901V7.638ZM1.01 1.614h14.218v2.058H1.009V1.614Z\" \/>\n\t<path d=\"M20.5 9.846H8.312M18.524 6.953l2.89 2.909-2.855 2.855\" stroke-width=\"1.2\" stroke-linecap=\"round\" stroke-linejoin=\"round\"\/>\n<\/svg>\n\t\t\t\t\t\t<button\n\t\t\t\t\t\t\tclass=\"tribe-events-c-subscribe-dropdown__button-text\"\n\t\t\t\t\t\t\taria-expanded=\"false\"\n\t\t\t\t\t\t\taria-controls=\"tribe-events-subscribe-dropdown-content\"\n\t\t\t\t\t\t\taria-label=\"Afficher les liens permettant d\u2019ajouter des \u00e9v\u00e8nements \u00e0 votre calendrier\"\n\t\t\t\t\t\t>\n\t\t\t\t\t\t\tAjouter au calendrier\t\t\t\t\t\t<\/button>\n\t\t\t\t\t\t<svg\n\t class=\"tribe-common-c-svgicon tribe-common-c-svgicon--caret-down tribe-events-c-subscribe-dropdown__button-icon\" \taria-hidden=\"true\"\n\tviewbox=\"0 0 10 7\"\n\txmlns=\"http:\/\/www.w3.org\/2000\/svg\"\n>\n\t<path fill-rule=\"evenodd\" clip-rule=\"evenodd\" d=\"M1.008.609L5 4.6 8.992.61l.958.958L5 6.517.05 1.566l.958-.958z\" class=\"tribe-common-c-svgicon__svg-fill\"\/>\n<\/svg>\n\t\t\t\t\t<\/div>\n\t\t\t\t\t<div id=\"tribe-events-subscribe-dropdown-content\" class=\"tribe-events-c-subscribe-dropdown__content\">\n\t\t\t\t\t\t<ul class=\"tribe-events-c-subscribe-dropdown__list\">\n\t\t\t\t\t\t\t\t\t\t\t\t\t\t\t<li class=\"tribe-events-c-subscribe-dropdown__list-item tribe-events-c-subscribe-dropdown__list-item--gcal\">\n\t\t\t\t\t\t\t\t\t<a\n\t\t\t\t\t\t\t\t\t\thref=\"https:\/\/www.google.com\/calendar\/event?action=TEMPLATE&#038;dates=20250912T190000\/20250912T210000&#038;text=MeidasCanada%20Resistance%20Tour%20w%2F%20Charlie%20Angus%20%28Port%20Elgin%29&#038;details=%3Cfigure+class%3D%22wp-block-image+size-large+is-resized%22%3E%3Cimg+src%3D%22https%3A%2F%2Ftruenorthhq.ca%2Fwp-content%2Fuploads%2F2025%2F09%2Fresistance-port-elgin-owen-sound-768x1024.webp%22+alt%3D%22%22+class%3D%22wp-image-782%22+style%3D%22width%3A422px%3Bheight%3Aauto%22%2F%3E%3C%2Ffigure%3E%3Cdiv+style%3D%22height%3A15px%22+aria-hidden%3D%22true%22+class%3D%22wp-block-spacer%22%3E%3C%2Fdiv%3E%3Cp%3EMeidasCanada+Resistance+Tour+w%2F+Charlie+Angus+%28Regina%29%3C%2Fp%3E+%3Ch2+class%3D%22wp-block-heading%22%3E%3C%2Fh2%3E%3Cp+id%3D%22block-e9111d77-c65e-4018-98b0-cff059f1e610%22%3EAn+unforgettable+night+of+solidarity+with+one+of+Canada%E2%80%99s+most+fearless+political+voices+%E2%80%94+punk+rocker+turned+MP%2C+author%2C+and+long-time+advocate+for+justice%2C+Charlie+Angus%3C%2Fp%3E+%3Cp%3EJoin+Charlie+for+a+non-partisan+talk+about+organizing%2C+resisting%2C+and+standing+up+for+democracy%2C+justice%2C+and+Canadian+values.%3C%2Fp%3E+%3Cp%3ETickets+available+at%3A+%3Ca+href%3D%22https%3A%2F%2Fwww.eventbrite.ca%2Fe%2Fresistance-tour-comes-to-port-elgin-celebrate-canada-with-charlie-angus-tickets-1533308590269%22%3Ehttps%3A%2F%2Fwww.eventbrite.ca%2Fe%2Fresistance-tour-co%3C%2Fa%3E%3C%2Fp%3E%28Voir+toute+la+description+de+%C3%A9v%C3%A8nement+ici%C2%A0%3A+https%3A%2F%2Ftruenorthhq.ca%2Ffr%2Fevent%2Fmeidascanada-resistance-tour-w-charlie-angus-port-elgin%2F%29&#038;location=Lakeshore%20Recreation%20(Port%20Elgin),%201177%20Goderich%20Street,%20Port%20Elgin,%20ON,%20N0H%202C3,%20Canada&#038;trp=false&#038;ctz=America\/Toronto&#038;sprop=website:https:\/\/truenorthhq.ca\/fr\"\n\t\t\t\t\t\t\t\t\t\tclass=\"tribe-events-c-subscribe-dropdown__list-item-link\"\n\t\t\t\t\t\t\t\t\t\ttarget=\"_blank\"\n\t\t\t\t\t\t\t\t\t\trel=\"noopener noreferrer nofollow noindex\"\n\t\t\t\t\t\t\t\t\t>\n\t\t\t\t\t\t\t\t\t\tGoogle Agenda\t\t\t\t\t\t\t\t\t<\/a>\n\t\t\t\t\t\t\t\t<\/li>\n\t\t\t\t\t\t\t\t\t\t\t\t\t\t\t<li class=\"tribe-events-c-subscribe-dropdown__list-item tribe-events-c-subscribe-dropdown__list-item--ical\">\n\t\t\t\t\t\t\t\t\t<a\n\t\t\t\t\t\t\t\t\t\thref=\"\"\n\t\t\t\t\t\t\t\t\t\tclass=\"tribe-events-c-subscribe-dropdown__list-item-link\"\n\t\t\t\t\t\t\t\t\t\ttarget=\"_blank\"\n\t\t\t\t\t\t\t\t\t\trel=\"noopener noreferrer nofollow noindex\"\n\t\t\t\t\t\t\t\t\t>\n\t\t\t\t\t\t\t\t\t\tiCalendar\t\t\t\t\t\t\t\t\t<\/a>\n\t\t\t\t\t\t\t\t<\/li>\n\t\t\t\t\t\t\t\t\t\t\t\t\t\t\t<li class=\"tribe-events-c-subscribe-dropdown__list-item tribe-events-c-subscribe-dropdown__list-item--outlook-365\">\n\t\t\t\t\t\t\t\t\t<a\n\t\t\t\t\t\t\t\t\t\thref=\"\"\n\t\t\t\t\t\t\t\t\t\tclass=\"tribe-events-c-subscribe-dropdown__list-item-link\"\n\t\t\t\t\t\t\t\t\t\ttarget=\"_blank\"\n\t\t\t\t\t\t\t\t\t\trel=\"noopener noreferrer nofollow noindex\"\n\t\t\t\t\t\t\t\t\t>\n\t\t\t\t\t\t\t\t\t\tOutlook 365\t\t\t\t\t\t\t\t\t<\/a>\n\t\t\t\t\t\t\t\t<\/li>\n\t\t\t\t\t\t\t\t\t\t\t\t\t\t\t<li class=\"tribe-events-c-subscribe-dropdown__list-item tribe-events-c-subscribe-dropdown__list-item--outlook-live\">\n\t\t\t\t\t\t\t\t\t<a\n\t\t\t\t\t\t\t\t\t\thref=\"\"\n\t\t\t\t\t\t\t\t\t\tclass=\"tribe-events-c-subscribe-dropdown__list-item-link\"\n\t\t\t\t\t\t\t\t\t\ttarget=\"_blank\"\n\t\t\t\t\t\t\t\t\t\trel=\"noopener noreferrer nofollow noindex\"\n\t\t\t\t\t\t\t\t\t>\n\t\t\t\t\t\t\t\t\t\tOutlook Live\t\t\t\t\t\t\t\t\t<\/a>\n\t\t\t\t\t\t\t\t<\/li>\n\t\t\t\t\t\t\t\t\t\t\t\t\t<\/ul>\n\t\t\t\t\t<\/div>\n\t\t\t\t<\/div>\n\t\t\t<\/div>\n\t\t<\/div>\n\t<\/div>","protected":false},"excerpt":{"rendered":"<p>MeidasCanada Resistance Tour w\/ Charlie Angus (Regina) An unforgettable night of solidarity with one of Canada\u2019s most fearless political voices \u2014 punk rocker turned MP, author, and long-time advocate for [&hellip;]<\/p>\n","protected":false},"author":1,"featured_media":778,"comment_status":"closed","ping_status":"closed","template":"","meta":{"_EventAllDay":false,"_EventTimezone":"America\/Toronto","_EventStartDate":"2025-09-12 19:00:00","_EventEndDate":"2025-09-12 21:00:00","_EventStartDateUTC":"2025-09-12 23:00:00","_EventEndDateUTC":"2025-09-13 01:00:00","_EventShowMap":false,"_EventShowMapLink":false,"_EventURL":"","_EventCost":"","_EventCostDescription":"","_EventCurrencySymbol":"$","_EventCurrencyCode":"CAD","_EventCurrencyPosition":"prefix","_EventDateTimeSeparator":"@","_EventTimeRangeSeparator":"-","_EventOrganizerID":[770],"_EventVenueID":[773],"_OrganizerEmail":"","_OrganizerPhone":"","_OrganizerWebsite":"","_VenueAddress":"","_VenueCity":"","_VenueCountry":"","_VenueProvince":"","_VenueState":"","_VenueZip":"","_VenuePhone":"","_VenueURL":"","_VenueStateProvince":"","_VenueLat":"","_VenueLng":"","_VenueShowMap":false,"_VenueShowMapLink":false,"_tribe_events_status":"","_tribe_events_status_reason":"","footnotes":""},"tags":[],"tribe_events_cat":[],"class_list":["post-769","tribe_events","type-tribe_events","status-publish","has-post-thumbnail","hentry"],"_links":{"self":[{"href":"https:\/\/truenorthhq.ca\/fr\/wp-json\/wp\/v2\/tribe_events\/769","targetHints":{"allow":["GET"]}}],"collection":[{"href":"https:\/\/truenorthhq.ca\/fr\/wp-json\/wp\/v2\/tribe_events"}],"about":[{"href":"https:\/\/truenorthhq.ca\/fr\/wp-json\/wp\/v2\/types\/tribe_events"}],"author":[{"embeddable":true,"href":"https:\/\/truenorthhq.ca\/fr\/wp-json\/wp\/v2\/users\/1"}],"replies":[{"embeddable":true,"href":"https:\/\/truenorthhq.ca\/fr\/wp-json\/wp\/v2\/comments?post=769"}],"version-history":[{"count":5,"href":"https:\/\/truenorthhq.ca\/fr\/wp-json\/wp\/v2\/tribe_events\/769\/revisions"}],"predecessor-version":[{"id":824,"href":"https:\/\/truenorthhq.ca\/fr\/wp-json\/wp\/v2\/tribe_events\/769\/revisions\/824"}],"wp:featuredmedia":[{"embeddable":true,"href":"https:\/\/truenorthhq.ca\/fr\/wp-json\/wp\/v2\/media\/778"}],"wp:attachment":[{"href":"https:\/\/truenorthhq.ca\/fr\/wp-json\/wp\/v2\/media?parent=769"}],"wp:term":[{"taxonomy":"post_tag","embeddable":true,"href":"https:\/\/truenorthhq.ca\/fr\/wp-json\/wp\/v2\/tags?post=769"},{"taxonomy":"tribe_events_cat","embeddable":true,"href":"https:\/\/truenorthhq.ca\/fr\/wp-json\/wp\/v2\/tribe_events_cat?post=769"}],"curies":[{"name":"wp","href":"https:\/\/api.w.org\/{rel}","templated":true}]}}